{"id":6379,"date":"2020-04-06T14:20:25","date_gmt":"2020-04-06T14:20:25","guid":{"rendered":"https:\/\/www.movint.es\/project-management\/"},"modified":"2025-07-28T11:56:09","modified_gmt":"2025-07-28T09:56:09","slug":"project-management","status":"publish","type":"page","link":"https:\/\/www.movint.es\/ca\/project-management\/","title":{"rendered":"Project Manager"},"content":{"rendered":"<p>[vc_row full_width=&#8221;stretch_row&#8221; bg_type=&#8221;image&#8221; parallax_style=&#8221;vcpb-default&#8221; bg_image_new=&#8221;id^5813|url^https:\/\/www.movint.es\/wp-content\/uploads\/revslider\/the7-company-slider\/project-management-movint.jpg|caption^null|alt^null|title^project-management-movint.jpg|description^null&#8221; enable_overlay=&#8221;enable_overlay_value&#8221; overlay_color=&#8221;rgba(255,255,255,0.9)&#8221; css=&#8221;.vc_custom_1586353319987{margin-top: 0px !important;margin-bottom: 0px !important;padding-top: 50px !important;padding-bottom: 50px !important;}&#8221;][vc_column][vc_column_text]<\/p>\n<p style=\"text-align: justify; color: #333333;\">La contractaci\u00f3 de personal per a la realitzaci\u00f3 de la funci\u00f3 de project manager, no \u00e9s una tasca f\u00e0cil, ja que si b\u00e9 el mercat ofereix aquest tipus de perfil, l&#8217;experi\u00e8ncia addicional en l&#8217;execuci\u00f3 de projectes espec\u00edfics de log\u00edstica, fan que el paper de Movint sigui de forma indirecta una garantia d&#8217;\u00e8xit. Disposem de personal qualificat per a aquesta tasca, i aportem el valor afegit de la supervisi\u00f3 que Movint ofereix amb el servei de Project manager.<\/p>\n<p style=\"text-align: justify; color: #333333;\">Els nostres t\u00e8cnics especialistes en project manager, tenen \u00e0mplia experi\u00e8ncia en capacitats organitzatives, lideratge, negociaci\u00f3, i identificaci\u00f3 de problemes.<\/p>\n<p style=\"text-align: justify; color: #333333;\">Alguns dels treballs espec\u00edfics que realitzem com a project manager s\u00f3n:, assessorament en coordinaci\u00f3 d&#8217;equipament, planificaci\u00f3 i suport a posades en marxa tant in com on site.<\/p>\n<p style=\"text-align: justify; color: #333333;\">Assessorem als nostres clients en la contractaci\u00f3 d&#8217;equipaments. Coordinem els equips, instal\u00b7lacions i maquin\u00e0ria fins a la seva implantaci\u00f3 i posada en marxa; des de la seva licitaci\u00f3, estudi de pressupostos de prove\u00efdors, taules comparatives, negociacions, redacci\u00f3 de contractes, planificaci\u00f3 de subministraments i certificacions d&#8217;obra i validaci\u00f3 de factures.<\/p>\n<p>[\/vc_column_text][\/vc_column][vc_column width=&#8221;1\/2&#8243;][vc_single_image image=&#8221;12697&#8243; img_size=&#8221;full&#8221;][\/vc_column][vc_column width=&#8221;1\/2&#8243;][vc_column_text]<\/p>\n<p style=\"text-align: justify; color: #333333;\">Prestem assessorament en la planificaci\u00f3 i suport f\u00edsic de posades en marxa. Generant un expedient explicatiu de totes les tasques a realitzar pr\u00e8vies a la posada en marxa, amb els equips implicats, i plans de conting\u00e8ncia entre d&#8217;altres. Amb l&#8217;objectiu de comprovar i reduir al m\u00ednim els imprevist per garantir l&#8217;\u00e8xit de la posada en marxa. Considerant que una posada en marxa habitualment conviu amb l&#8217;activitat di\u00e0ria la nostra tasca \u00e9s col\u00b7laborar per mantenir l&#8217;organitzaci\u00f3 i ajudar en la resoluci\u00f3 de conflictes durant la seva execuci\u00f3. Per a aix\u00f2 disposem de t\u00e8cnics especialitzats en direcci\u00f3 i coordinaci\u00f3 de posada en marxa estant present en les instal\u00b7lacions per a col\u00b7laborar amb el personal aportant les solucions i idees que siguin necess\u00e0ries durant el proc\u00e9s, per a aix\u00f2 cal participar en la instrucci\u00f3 de el personal per al maneig i utilitzaci\u00f3 de les instal\u00b7lacions.<\/p>\n<p>[\/vc_column_text][\/vc_column][\/vc_row][vc_row full_width=&#8221;stretch_row&#8221; bg_type=&#8221;bg_color&#8221; bg_color_value=&#8221;#fcfcfc&#8221; css=&#8221;.vc_custom_1586098232714{padding-bottom: 35px !important;background-color: #f2f2f2 !important;}&#8221;][vc_column width=&#8221;1\/4&#8243;][\/vc_column][vc_column width=&#8221;1\/2&#8243;][vc_text_separator title=&#8221;Formulari de contacte&#8221; i_icon_fontawesome=&#8221;fas fa-envelope-open-text&#8221; i_color=&#8221;black&#8221; color=&#8221;black&#8221; add_icon=&#8221;true&#8221;]<div role=\"form\" class=\"wpcf7\" id=\"wpcf7-f4025-o1\" lang=\"es-ES\" dir=\"ltr\">\n<div class=\"screen-reader-response\"><p role=\"status\" aria-live=\"polite\" aria-atomic=\"true\"><\/p> <ul><\/ul><\/div>\n<form action=\"\/ca\/wp-json\/wp\/v2\/pages\/6379#wpcf7-f4025-o1\" method=\"post\" class=\"wpcf7-form init\" novalidate=\"novalidate\" data-status=\"init\">\n<div style=\"display: none;\">\n<input type=\"hidden\" name=\"_wpcf7\" value=\"4025\" \/>\n<input type=\"hidden\" name=\"_wpcf7_version\" value=\"5.6.4\" \/>\n<input type=\"hidden\" name=\"_wpcf7_locale\" value=\"es_ES\" \/>\n<input type=\"hidden\" name=\"_wpcf7_unit_tag\" value=\"wpcf7-f4025-o1\" \/>\n<input type=\"hidden\" name=\"_wpcf7_container_post\" value=\"0\" \/>\n<input type=\"hidden\" name=\"_wpcf7_posted_data_hash\" value=\"\" \/>\n<\/div>\n<p><span class=\"wpcf7-form-control-wrap\" data-name=\"your-name\"><input type=\"text\" name=\"your-name\" value=\"\" size=\"40\" class=\"wpcf7-form-control wpcf7-text wpcf7-validates-as-required\" aria-required=\"true\" aria-invalid=\"false\" placeholder=\"Nom (obligatori)\" \/><\/span><\/p>\n<p><span class=\"wpcf7-form-control-wrap\" data-name=\"your-lastname\"><input type=\"text\" name=\"your-lastname\" value=\"\" size=\"40\" class=\"wpcf7-form-control wpcf7-text\" aria-invalid=\"false\" placeholder=\"Cognom\" \/><\/span><\/p>\n<p><span class=\"wpcf7-form-control-wrap\" data-name=\"your-email\"><input type=\"email\" name=\"your-email\" value=\"\" size=\"40\" class=\"wpcf7-form-control wpcf7-text wpcf7-email wpcf7-validates-as-required wpcf7-validates-as-email\" aria-required=\"true\" aria-invalid=\"false\" placeholder=\"Email (obligatori)\" \/><\/span><\/p>\n<p><span class=\"wpcf7-form-control-wrap\" data-name=\"your-company\"><input type=\"text\" name=\"your-company\" value=\"\" size=\"40\" class=\"wpcf7-form-control wpcf7-text wpcf7-validates-as-required\" aria-required=\"true\" aria-invalid=\"false\" placeholder=\"Empresa (obligatori)\" \/><\/span><\/p>\n<p><span class=\"wpcf7-form-control-wrap\" data-name=\"your-charge\"><input type=\"text\" name=\"your-charge\" value=\"\" size=\"40\" class=\"wpcf7-form-control wpcf7-text wpcf7-validates-as-required\" aria-required=\"true\" aria-invalid=\"false\" placeholder=\"C\u00e0rrec (obligatori)\" \/><\/span><\/p>\n<p><span class=\"wpcf7-form-control-wrap\" data-name=\"your-message\"><textarea name=\"your-message\" cols=\"40\" rows=\"3\" class=\"wpcf7-form-control wpcf7-textarea\" aria-invalid=\"false\" placeholder=\"Missatge\"><\/textarea><\/span><\/p>\n<p><input type=\"submit\" value=\"Enviar\" class=\"wpcf7-form-control has-spinner wpcf7-submit\" \/><\/p>\n<div class=\"wpcf7-response-output\" aria-hidden=\"true\"><\/div><\/form><\/div>[\/vc_column][vc_column width=&#8221;1\/4&#8243;][\/vc_column][\/vc_row]<\/p>\n","protected":false},"excerpt":{"rendered":"<p>[vc_row full_width=&#8221;stretch_row&#8221; bg_type=&#8221;image&#8221; parallax_style=&#8221;vcpb-default&#8221; bg_image_new=&#8221;id^5813|url^https:\/\/www.movint.es\/wp-content\/uploads\/revslider\/the7-company-slider\/project-management-movint.jpg|caption^null|alt^null|title^project-management-movint.jpg|description^null&#8221; enable_overlay=&#8221;enable_overlay_value&#8221; overlay_color=&#8221;rgba(255,255,255,0.9)&#8221; css=&#8221;.vc_custom_1586353319987{margin-top: 0px !important;margin-bottom: 0px !important;padding-top: 50px !important;padding-bottom: 50px !important;}&#8221;][vc_column][vc_column_text] La contractaci\u00f3 de personal per a la realitzaci\u00f3 de la funci\u00f3 de project manager, no \u00e9s una tasca f\u00e0cil, ja que si b\u00e9 el mercat ofereix aquest tipus de perfil, l&#8217;experi\u00e8ncia addicional en l&#8217;execuci\u00f3 de projectes espec\u00edfics de log\u00edstica,&hellip;<\/p>\n","protected":false},"author":1,"featured_media":0,"parent":0,"menu_order":0,"comment_status":"closed","ping_status":"closed","template":"","meta":[],"_links":{"self":[{"href":"https:\/\/www.movint.es\/ca\/wp-json\/wp\/v2\/pages\/6379"}],"collection":[{"href":"https:\/\/www.movint.es\/ca\/wp-json\/wp\/v2\/pages"}],"about":[{"href":"https:\/\/www.movint.es\/ca\/wp-json\/wp\/v2\/types\/page"}],"author":[{"embeddable":true,"href":"https:\/\/www.movint.es\/ca\/wp-json\/wp\/v2\/users\/1"}],"replies":[{"embeddable":true,"href":"https:\/\/www.movint.es\/ca\/wp-json\/wp\/v2\/comments?post=6379"}],"version-history":[{"count":6,"href":"https:\/\/www.movint.es\/ca\/wp-json\/wp\/v2\/pages\/6379\/revisions"}],"predecessor-version":[{"id":12784,"href":"https:\/\/www.movint.es\/ca\/wp-json\/wp\/v2\/pages\/6379\/revisions\/12784"}],"wp:attachment":[{"href":"https:\/\/www.movint.es\/ca\/wp-json\/wp\/v2\/media?parent=6379"}],"curies":[{"name":"wp","href":"https:\/\/api.w.org\/{rel}","templated":true}]}}